{"id":1489,"date":"2018-11-16T23:15:27","date_gmt":"2018-11-16T20:15:27","guid":{"rendered":"http:\/\/www.expertpsy.ro\/wordpress\/?page_id=1489"},"modified":"2021-09-09T01:43:50","modified_gmt":"2021-09-08T22:43:50","slug":"e-motion","status":"publish","type":"page","link":"https:\/\/www.expertpsy.ro\/wordpress\/index.php\/proiecte\/e-motion\/","title":{"rendered":"E-MOTION"},"content":{"rendered":"<p><a href=\"https:\/\/www.expertpsy.ro\/wordpress\/wp-content\/uploads\/2018\/11\/logo.jpg\"><img loading=\"lazy\" decoding=\"async\" class=\"aligncenter size-medium wp-image-1497\" src=\"https:\/\/www.expertpsy.ro\/wordpress\/wp-content\/uploads\/2018\/11\/logo-300x247.jpg\" alt=\"\" width=\"300\" height=\"247\" srcset=\"https:\/\/www.expertpsy.ro\/wordpress\/wp-content\/uploads\/2018\/11\/logo-300x247.jpg 300w, https:\/\/www.expertpsy.ro\/wordpress\/wp-content\/uploads\/2018\/11\/logo.jpg 374w\" sizes=\"auto, (max-width: 300px) 100vw, 300px\" \/><\/a><\/p>\n<p style=\"text-align: center;\">\n<section class=\"elementor-element elementor-element-64a3888e elementor-section-height-min-height elementor-section-boxed elementor-section-height-default elementor-section-items-middle elementor-section elementor-top-section\" data-id=\"64a3888e\" data-element_type=\"section\">\n<div class=\"elementor-container elementor-column-gap-default\">\n<div class=\"elementor-row\">\n<div class=\"elementor-element elementor-element-2e742284 elementor-column elementor-col-50 elementor-top-column\" data-id=\"2e742284\" data-element_type=\"column\" data-settings=\"{&quot;animation_mobile&quot;:&quot;fadeIn&quot;}\">\n<div class=\"elementor-column-wrap  elementor-element-populated\">\n<div class=\"elementor-widget-wrap\">\n<section class=\"elementor-element elementor-element-775bb4b7 elementor-section-boxed elementor-section-height-default elementor-section-height-default elementor-section elementor-inner-section\" data-id=\"775bb4b7\" data-element_type=\"section\">\n<div class=\"elementor-container elementor-column-gap-default\">\n<div class=\"elementor-row\">\n<div class=\"elementor-element elementor-element-7a994f0d elementor-column elementor-col-100 elementor-inner-column\" data-id=\"7a994f0d\" data-element_type=\"column\">\n<div class=\"elementor-column-wrap  elementor-element-populated\">\n<div class=\"elementor-widget-wrap\">\n<div class=\"elementor-element elementor-element-e2d7131 elementor-widget elementor-widget-text-editor animated fadeIn\" data-id=\"e2d7131\" data-element_type=\"widget\" data-settings=\"{&quot;_animation&quot;:&quot;fadeIn&quot;,&quot;_animation_delay&quot;:150}\" data-widget_type=\"text-editor.default\">\n<div class=\"elementor-widget-container\">\n<div class=\"elementor-text-editor elementor-clearfix\">\n<p>Principalul obiectiv al proiectului este s\u0103 dezvolte, testeze \u0219i implementeze un model complet de suport pentru copiii hipersenzitivi din gr\u0103dini\u021be \u0219i din \u00eenv\u0103\u021b\u0103m\u00e2ntul primar<\/p>\n<p>Detalii: <a href=\"https:\/\/highlysensitive.eu\/ro\/\">E-motion<\/a><\/p>\n<\/div>\n<\/div>\n<\/div>\n<\/div>\n<\/div>\n<\/div>\n<\/div>\n<\/div>\n<\/section>\n<\/div>\n<\/div>\n<\/div>\n<\/div>\n<\/div>\n<\/section>\n<section class=\"elementor-element elementor-element-3b785532 elementor-section-boxed elementor-section-height-default elementor-section-height-default elementor-section elementor-top-section\" data-id=\"3b785532\" data-element_type=\"section\">\n<div class=\"elementor-container elementor-column-gap-default\">\n<div class=\"elementor-row\">\n<div class=\"elementor-element elementor-element-67966251 elementor-column elementor-col-100 elementor-top-column\" data-id=\"67966251\" data-element_type=\"column\" data-settings=\"{&quot;animation_mobile&quot;:&quot;none&quot;}\">\n<div class=\"elementor-column-wrap  elementor-element-populated\">\n<div class=\"elementor-widget-wrap\">\n<section class=\"elementor-element elementor-element-6f20804 elementor-section-boxed elementor-section-height-default elementor-section-height-default elementor-section elementor-inner-section\" data-id=\"6f20804\" data-element_type=\"section\">\n<div class=\"elementor-container elementor-column-gap-default\">\n<div class=\"elementor-row\">\n<div class=\"elementor-element elementor-element-76333f43 elementor-column elementor-col-50 elementor-inner-column\" data-id=\"76333f43\" data-element_type=\"column\" data-settings=\"{&quot;animation_mobile&quot;:&quot;fadeIn&quot;}\">\n<div class=\"elementor-column-wrap  elementor-element-populated\">\n<div class=\"elementor-widget-wrap\">\n<div class=\"elementor-element elementor-element-4785bec7 elementor-widget elementor-widget-image animated fadeIn\" data-id=\"4785bec7\" data-element_type=\"widget\" data-settings=\"{&quot;_animation&quot;:&quot;fadeIn&quot;,&quot;_animation_delay&quot;:150}\" data-widget_type=\"image.default\">\n<div class=\"elementor-widget-container\">\n<div class=\"elementor-image\">Hipersenzitivitatea este o tr\u0103s\u0103tur\u0103 temperamental\u0103, ce caracterizeaz\u0103 aproximativ 20% din popula\u021bie (surse variate estimeaz\u0103 intervalul \u00eentre 10-35%). Cercet\u0103rile confirm\u0103 c\u0103 oamenii hipersenzitivi proceseaz\u0103 informa\u021biile \u0219i stimulii din mediul \u00eenconjur\u0103tor \u00eentr-un mod mai accentuat (mai intens) \u0219i mai profund dec\u00e2t o fac ceilal\u021bi. Aceste persoane pot fi mai sensibile at\u00e2t la experien\u021bele pozitive, c\u00e2t \u0219i la cele negative.<\/div>\n<\/div>\n<\/div>\n<\/div>\n<\/div>\n<\/div>\n<div class=\"elementor-element elementor-element-23f4e173 elementor-column elementor-col-50 elementor-inner-column\" data-id=\"23f4e173\" data-element_type=\"column\" data-settings=\"{&quot;animation_mobile&quot;:&quot;fadeIn&quot;}\">\n<div class=\"elementor-column-wrap  elementor-element-populated\">\n<div class=\"elementor-widget-wrap\">\n<div class=\"elementor-element elementor-element-379e406e elementor-widget elementor-widget-text-editor animated fadeIn\" data-id=\"379e406e\" data-element_type=\"widget\" data-settings=\"{&quot;_animation&quot;:&quot;fadeIn&quot;,&quot;_animation_delay&quot;:250}\" data-widget_type=\"text-editor.default\">\n<div class=\"elementor-widget-container\">\n<div class=\"elementor-text-editor elementor-clearfix\">\n<p>Conform autoarei Elaine N. Aron, cea care a introdus conceptul de hipersenzitivitate, num\u0103rul persoanelor hipersenzitive este prea mare pentru a trata aceast\u0103 tr\u0103s\u0103tur\u0103 ca pe oricare alta, \u0219i \u00een acela\u0219i timp este prea mic pentru ca aceste persoane s\u0103 fie \u00een\u021belese \u0219i sprininite de mediul social \u00eentr-o manier\u0103 potrivit\u0103.<\/p>\n<\/div>\n<\/div>\n<\/div>\n<\/div>\n<\/div>\n<\/div>\n<\/div>\n<\/div>\n<\/section>\n<section class=\"elementor-element elementor-element-7ee4cbd8 elementor-section-boxed elementor-section-height-default elementor-section-height-default elementor-section elementor-inner-section\" data-id=\"7ee4cbd8\" data-element_type=\"section\">\n<div class=\"elementor-container elementor-column-gap-default\">\n<div class=\"elementor-row\">\n<div class=\"elementor-element elementor-element-39325e34 elementor-column elementor-col-100 elementor-inner-column\" data-id=\"39325e34\" data-element_type=\"column\" data-settings=\"{&quot;animation_mobile&quot;:&quot;fadeIn&quot;}\">\n<div class=\"elementor-column-wrap  elementor-element-populated\">\n<div class=\"elementor-widget-wrap\">\n<div class=\"elementor-element elementor-element-5fc9f6e4 elementor-widget elementor-widget-text-editor animated fadeIn\" data-id=\"5fc9f6e4\" data-element_type=\"widget\" data-settings=\"{&quot;_animation&quot;:&quot;fadeIn&quot;,&quot;_animation_delay&quot;:350}\" data-widget_type=\"text-editor.default\">\n<div class=\"elementor-widget-container\">\n<div class=\"elementor-text-editor elementor-clearfix\">\n<p>Ace\u0219ti copii sunt mai sensibili la mediul \u00eenconjur\u0103tor \u0219i r\u0103spund cu reac\u021bii emo\u021bionale \u0219i comportamentale mai accentuate (de exemplu, pl\u00e2ns, nesatisfac\u021bie, \u021bipete, triste\u021be, furie). Copiii hipersenzitivi afi\u0219eaz\u0103 \u00een situa\u021biile foarte stimulante comportamente ce pot fi confundate cu hiperactivitate, deficit de aten\u021bie \u0219i probleme de procesare senzorial\u0103. Aceste comportamente ale copiilor hipersenzitivi sunt, de asemenea, v\u0103zute ca timiditate, retragere, team\u0103. Ace\u0219tia sunt mai predispu\u0219i la stres \u0219i accept\u0103 modific\u0103ri \u00een mediul lor cu mai mare dificultate dec\u00e2t copiii de aceea\u0219i v\u00e2rst\u0103. Copiii hipersenzitivi sunt caracteriza\u021bi \u0219i prin creativitate, intui\u021bie \u0219i sim\u021b al umorului. Hipersenzitivitatea poate fi at\u00e2t un factor de risc, c\u00e2t \u0219i un factor care asigur\u0103 dezvoltarea corect\u0103 a personalit\u0103\u021bii copilului.<\/p>\n<\/div>\n<\/div>\n<\/div>\n<\/div>\n<\/div>\n<\/div>\n<\/div>\n<\/div>\n<\/section>\n<\/div>\n<\/div>\n<\/div>\n<\/div>\n<\/div>\n<\/section>\n<section class=\"elementor-element elementor-element-3da0761f elementor-section-height-min-height elementor-section-boxed elementor-section-height-default elementor-section-items-middle elementor-section elementor-top-section\" data-id=\"3da0761f\" data-element_type=\"section\">\n<div class=\"elementor-container elementor-column-gap-default\">\n<div class=\"elementor-row\">\n<div class=\"elementor-element elementor-element-334059c0 elementor-column elementor-col-100 elementor-top-column\" data-id=\"334059c0\" data-element_type=\"column\">\n<div class=\"elementor-column-wrap  elementor-element-populated\">\n<div class=\"elementor-widget-wrap\">\n<section class=\"elementor-element elementor-element-486b36ab elementor-section-boxed elementor-section-height-default elementor-section-height-default elementor-section elementor-inner-section\" data-id=\"486b36ab\" data-element_type=\"section\">\n<div class=\"elementor-container elementor-column-gap-default\">\n<div class=\"elementor-row\">\n<div class=\"elementor-element elementor-element-7300666e elementor-column elementor-col-50 elementor-inner-column\" data-id=\"7300666e\" data-element_type=\"column\" data-settings=\"{&quot;animation_mobile&quot;:&quot;fadeIn&quot;}\">\n<div class=\"elementor-column-wrap  elementor-element-populated\">\n<div class=\"elementor-widget-wrap\">\n<div class=\"elementor-element elementor-element-3859e188 elementor-widget elementor-widget-text-editor animated fadeIn\" data-id=\"3859e188\" data-element_type=\"widget\" data-settings=\"{&quot;_animation&quot;:&quot;fadeIn&quot;,&quot;_animation_delay&quot;:150}\" data-widget_type=\"text-editor.default\">\n<div class=\"elementor-widget-container\">\n<div class=\"elementor-text-editor elementor-clearfix\">\n<p>Activit\u0103\u021bile pl\u0103nuite includ sprijinirea copiilor de gr\u0103dini\u021b\u0103 (3-6 ani), \u0219i din \u00eenv\u0103\u021b\u0103m\u00e2ntul primar (7-10 ani), p\u0103rin\u021bilor \u0219i \u00eenv\u0103\u021b\u0103torilor acestora, astfel \u00eenc\u00e2t s\u0103 se acopere \u0219i mediul din gr\u0103dini\u021b\u0103 \u0219i cel de la \u0219coal\u0103. Materialele dezvoltate sunt \u00eendreptate c\u0103tre mediul imediat al copiilor hipersenzitivi. Pornim de la presupunerea c\u0103 un adult are un rol foarte important \u00een dezvoltarea copilului \u0219i este principala surs\u0103 de suport emo\u021bional a acestuia. Pentru copiii hipersenzitivi, condi\u021biile de dezvoltare inadecvate pot deveni \u00eempov\u0103r\u0103toare \u0219i, \u00een consecin\u021b\u0103, le pot afecta viitorul.<\/p>\n<\/div>\n<\/div>\n<\/div>\n<\/div>\n<\/div>\n<\/div>\n<\/div>\n<\/div>\n<\/section>\n<\/div>\n<\/div>\n<\/div>\n<\/div>\n<\/div>\n<\/section>\n<section class=\"elementor-element elementor-element-6a269c3d elementor-section-boxed elementor-section-height-default elementor-section-height-default elementor-section elementor-top-section\" data-id=\"6a269c3d\" data-element_type=\"section\">\n<div class=\"elementor-container elementor-column-gap-default\">\n<div class=\"elementor-row\">\n<div class=\"elementor-element elementor-element-62a040e8 elementor-column elementor-col-100 elementor-top-column\" data-id=\"62a040e8\" data-element_type=\"column\">\n<div class=\"elementor-column-wrap  elementor-element-populated\">\n<div class=\"elementor-widget-wrap\">\n<section class=\"elementor-element elementor-element-6f8a3bb2 elementor-section-boxed elementor-section-height-default elementor-section-height-default elementor-section elementor-inner-section\" data-id=\"6f8a3bb2\" data-element_type=\"section\">\n<div class=\"elementor-container elementor-column-gap-default\">\n<div class=\"elementor-row\">\n<div class=\"elementor-element elementor-element-38339b09 elementor-column elementor-col-100 elementor-inner-column\" data-id=\"38339b09\" data-element_type=\"column\" data-settings=\"{&quot;animation_mobile&quot;:&quot;fadeIn&quot;}\">\n<div class=\"elementor-column-wrap  elementor-element-populated\">\n<div class=\"elementor-widget-wrap\">\n<div class=\"elementor-element elementor-element-dfcc626 elementor-widget elementor-widget-heading animated fadeIn\" data-id=\"dfcc626\" data-element_type=\"widget\" data-settings=\"{&quot;_animation&quot;:&quot;fadeIn&quot;,&quot;_animation_delay&quot;:50}\" data-widget_type=\"heading.default\">\n<div class=\"elementor-widget-container\">\n<h2 class=\"elementor-heading-title elementor-size-default\">Activit\u0103\u021bi<\/h2>\n<\/div>\n<\/div>\n<\/div>\n<\/div>\n<\/div>\n<\/div>\n<\/div>\n<\/section>\n<section class=\"elementor-element elementor-element-5e6e3c82 elementor-section-boxed elementor-section-height-default elementor-section-height-default elementor-section elementor-inner-section\" data-id=\"5e6e3c82\" data-element_type=\"section\">\n<div class=\"elementor-container elementor-column-gap-default\">\n<div class=\"elementor-row\">\n<div class=\"elementor-element elementor-element-7beb193e elementor-column elementor-col-50 elementor-inner-column\" data-id=\"7beb193e\" data-element_type=\"column\" data-settings=\"{&quot;animation_mobile&quot;:&quot;fadeInLeft&quot;}\">\n<div class=\"elementor-column-wrap  elementor-element-populated\">\n<div class=\"elementor-widget-wrap\">\n<div class=\"elementor-element elementor-element-d20be6e elementor-position-left elementor-vertical-align-top elementor-widget elementor-widget-image-box animated fadeInLeft\" data-id=\"d20be6e\" data-element_type=\"widget\" data-settings=\"{&quot;_animation&quot;:&quot;fadeInLeft&quot;,&quot;_animation_delay&quot;:50}\" data-widget_type=\"image-box.default\">\n<div class=\"elementor-widget-container\">\n<div class=\"elementor-image-box-wrapper\">\n<div class=\"elementor-image-box-content\">\n<p class=\"elementor-image-box-description\">Dezvoltarea unui model complet de suport pentru copiii hipersenzitivi din gr\u0103dini\u021be \u0219i din \u00eenv\u0103\u021b\u0103m\u00e2ntul primar.<\/p>\n<\/div>\n<\/div>\n<\/div>\n<\/div>\n<\/div>\n<\/div>\n<\/div>\n<div class=\"elementor-element elementor-element-61a7a058 elementor-column elementor-col-50 elementor-inner-column\" data-id=\"61a7a058\" data-element_type=\"column\" data-settings=\"{&quot;animation_mobile&quot;:&quot;fadeInRight&quot;}\">\n<div class=\"elementor-column-wrap  elementor-element-populated\">\n<div class=\"elementor-widget-wrap\">\n<div class=\"elementor-element elementor-element-1cdd34fe elementor-position-left elementor-vertical-align-top elementor-widget elementor-widget-image-box animated fadeInRight\" data-id=\"1cdd34fe\" data-element_type=\"widget\" data-settings=\"{&quot;_animation&quot;:&quot;fadeInRight&quot;,&quot;_animation_delay&quot;:100}\" data-widget_type=\"image-box.default\">\n<div class=\"elementor-widget-container\">\n<div class=\"elementor-image-box-wrapper\">\n<div class=\"elementor-image-box-content\">\n<p class=\"elementor-image-box-description\">Dezvoltarea unui ghid psihometric pentru chestionare<\/p>\n<\/div>\n<\/div>\n<\/div>\n<\/div>\n<\/div>\n<\/div>\n<\/div>\n<\/div>\n<\/div>\n<\/section>\n<section class=\"elementor-element elementor-element-e3d8cbd elementor-section-boxed elementor-section-height-default elementor-section-height-default elementor-section elementor-inner-section\" data-id=\"e3d8cbd\" data-element_type=\"section\">\n<div class=\"elementor-container elementor-column-gap-default\">\n<div class=\"elementor-row\">\n<div class=\"elementor-element elementor-element-4cb127d9 elementor-column elementor-col-50 elementor-inner-column\" data-id=\"4cb127d9\" data-element_type=\"column\" data-settings=\"{&quot;animation_mobile&quot;:&quot;fadeInLeft&quot;}\">\n<div class=\"elementor-column-wrap  elementor-element-populated\">\n<div class=\"elementor-widget-wrap\">\n<div class=\"elementor-element elementor-element-60bfbefd elementor-position-left elementor-vertical-align-top elementor-widget elementor-widget-image-box animated fadeInLeft\" data-id=\"60bfbefd\" data-element_type=\"widget\" data-settings=\"{&quot;_animation&quot;:&quot;fadeInLeft&quot;,&quot;_animation_delay&quot;:150}\" data-widget_type=\"image-box.default\">\n<div class=\"elementor-widget-container\">\n<div class=\"elementor-image-box-wrapper\">\n<div class=\"elementor-image-box-content\">\n<p class=\"elementor-image-box-description\">Organizarea workshop-urilor pentru personalul didactic, la nivel interna\u021bional \u0219i na\u021bional, de fiecare instutu\u021bie partener.<\/p>\n<\/div>\n<\/div>\n<\/div>\n<\/div>\n<\/div>\n<\/div>\n<\/div>\n<div class=\"elementor-element elementor-element-54a6117a elementor-column elementor-col-50 elementor-inner-column\" data-id=\"54a6117a\" data-element_type=\"column\" data-settings=\"{&quot;animation_mobile&quot;:&quot;fadeInRight&quot;}\">\n<div class=\"elementor-column-wrap  elementor-element-populated\">\n<div class=\"elementor-widget-wrap\">\n<div class=\"elementor-element elementor-element-55b18418 elementor-position-left elementor-vertical-align-top elementor-widget elementor-widget-image-box animated fadeIn\" data-id=\"55b18418\" data-element_type=\"widget\" data-settings=\"{&quot;_animation&quot;:&quot;fadeIn&quot;,&quot;_animation_delay&quot;:200}\" data-widget_type=\"image-box.default\">\n<div class=\"elementor-widget-container\">\n<div class=\"elementor-image-box-wrapper\">\n<div class=\"elementor-image-box-content\">\n<p class=\"elementor-image-box-description\">Dezvoltarea unui compediu (cu un ghid) care vizeaz\u0103 hipersenzitivitatea pentru p\u0103rin\u021bi \u0219i \u00eenv\u0103\u021b\u0103tori<\/p>\n<\/div>\n<\/div>\n<\/div>\n<\/div>\n<\/div>\n<\/div>\n<\/div>\n<\/div>\n<\/div>\n<\/section>\n<section class=\"elementor-element elementor-element-2c496f25 elementor-section-boxed elementor-section-height-default elementor-section-height-default elementor-section elementor-inner-section\" data-id=\"2c496f25\" data-element_type=\"section\">\n<div class=\"elementor-container elementor-column-gap-default\">\n<div class=\"elementor-row\">\n<div class=\"elementor-element elementor-element-1e7309cf elementor-column elementor-col-50 elementor-inner-column\" data-id=\"1e7309cf\" data-element_type=\"column\" data-settings=\"{&quot;animation_mobile&quot;:&quot;fadeInLeft&quot;}\">\n<div class=\"elementor-column-wrap  elementor-element-populated\">\n<div class=\"elementor-widget-wrap\">\n<div class=\"elementor-element elementor-element-7beb1b33 elementor-position-left elementor-vertical-align-top elementor-widget elementor-widget-image-box animated fadeIn\" data-id=\"7beb1b33\" data-element_type=\"widget\" data-settings=\"{&quot;_animation&quot;:&quot;fadeIn&quot;,&quot;_animation_delay&quot;:250}\" data-widget_type=\"image-box.default\">\n<div class=\"elementor-widget-container\">\n<div class=\"elementor-image-box-wrapper\">\n<div class=\"elementor-image-box-content\">\n<p class=\"elementor-image-box-description\">Preg\u0103tirea unei platforme online, care s\u0103 con\u021bin\u0103 un set de chestionare pentru evaluarea hipersenzitivit\u0103\u021bii, precum \u0219i materiale educa\u021bionale \u0219i materiale care vin \u00een ajutorul lucrului cu copiii hipersenzitivi pentru p\u0103rin\u021bi \u0219i \u00eenv\u0103\u021b\u0103tori (adresate personalului didactic).<\/p>\n<\/div>\n<\/div>\n<\/div>\n<\/div>\n<\/div>\n<\/div>\n<\/div>\n<div class=\"elementor-element elementor-element-847a9b3 elementor-column elementor-col-50 elementor-inner-column\" data-id=\"847a9b3\" data-element_type=\"column\"><\/div>\n<\/div>\n<\/div>\n<\/section>\n<\/div>\n<\/div>\n<\/div>\n<\/div>\n<\/div>\n<\/section>\n<p>Parteneri:<\/p>\n<ul>\n<li>WSEI &#8211; University of Economics and Innovation, Lublin, Polonia<\/li>\n<li>Universidad de la LAGUNA, Tenerife, Spania<\/li>\n<li>\n<div class=\"elementor-element elementor-element-59b88b0c elementor-widget elementor-widget-heading animated fadeInDown\" data-id=\"59b88b0c\" data-element_type=\"widget\" data-settings=\"{&quot;_animation&quot;:&quot;fadeInDown&quot;,&quot;_animation_delay&quot;:150}\" data-widget_type=\"heading.default\">\n<div class=\"elementor-widget-container\">Universidad de ALICANTE, Spania<\/div>\n<\/div>\n<\/li>\n<li>JOUDG BRESHIA, Debar, Macedonia<\/li>\n<li>Citta Metropolitata di ROMA Capitale, Italia<\/li>\n<li>EXPERT PSY, Romania<\/li>\n<\/ul>\n","protected":false},"excerpt":{"rendered":"<p>Principalul obiectiv al proiectului este s\u0103 dezvolte, testeze \u0219i implementeze un model complet de suport pentru copiii hipersenzitivi din gr\u0103dini\u021be \u0219i din \u00eenv\u0103\u021b\u0103m\u00e2ntul primar Detalii: E-motion Hipersenzitivitatea este o tr\u0103s\u0103tur\u0103 temperamental\u0103, ce caracterizeaz\u0103 aproximativ 20% din popula\u021bie (surse variate estimeaz\u0103 intervalul \u00eentre 10-35%). Cercet\u0103rile confirm\u0103 c\u0103 oamenii hipersenzitivi proceseaz\u0103 informa\u021biile \u0219i stimulii din mediul \u00eenconjur\u0103tor &hellip; <a href=\"https:\/\/www.expertpsy.ro\/wordpress\/index.php\/proiecte\/e-motion\/\" class=\"more-link\">Continu\u0103 lectura <span class=\"screen-reader-text\">E-MOTION<\/span> <span class=\"meta-nav\">&rarr;<\/span><\/a><\/p>\n","protected":false},"author":1,"featured_media":1497,"parent":1761,"menu_order":9,"comment_status":"closed","ping_status":"closed","template":"","meta":{"footnotes":""},"class_list":["post-1489","page","type-page","status-publish","has-post-thumbnail","hentry"],"_links":{"self":[{"href":"https:\/\/www.expertpsy.ro\/wordpress\/index.php\/wp-json\/wp\/v2\/pages\/1489","targetHints":{"allow":["GET"]}}],"collection":[{"href":"https:\/\/www.expertpsy.ro\/wordpress\/index.php\/wp-json\/wp\/v2\/pages"}],"about":[{"href":"https:\/\/www.expertpsy.ro\/wordpress\/index.php\/wp-json\/wp\/v2\/types\/page"}],"author":[{"embeddable":true,"href":"https:\/\/www.expertpsy.ro\/wordpress\/index.php\/wp-json\/wp\/v2\/users\/1"}],"replies":[{"embeddable":true,"href":"https:\/\/www.expertpsy.ro\/wordpress\/index.php\/wp-json\/wp\/v2\/comments?post=1489"}],"version-history":[{"count":5,"href":"https:\/\/www.expertpsy.ro\/wordpress\/index.php\/wp-json\/wp\/v2\/pages\/1489\/revisions"}],"predecessor-version":[{"id":1775,"href":"https:\/\/www.expertpsy.ro\/wordpress\/index.php\/wp-json\/wp\/v2\/pages\/1489\/revisions\/1775"}],"up":[{"embeddable":true,"href":"https:\/\/www.expertpsy.ro\/wordpress\/index.php\/wp-json\/wp\/v2\/pages\/1761"}],"wp:featuredmedia":[{"embeddable":true,"href":"https:\/\/www.expertpsy.ro\/wordpress\/index.php\/wp-json\/wp\/v2\/media\/1497"}],"wp:attachment":[{"href":"https:\/\/www.expertpsy.ro\/wordpress\/index.php\/wp-json\/wp\/v2\/media?parent=1489"}],"curies":[{"name":"wp","href":"https:\/\/api.w.org\/{rel}","templated":true}]}}