{"id":1664,"date":"2020-01-29T13:16:03","date_gmt":"2020-01-29T10:16:03","guid":{"rendered":"http:\/\/www.expertpsy.ro\/wordpress\/?page_id=1664"},"modified":"2020-01-29T13:17:09","modified_gmt":"2020-01-29T10:17:09","slug":"1664-2","status":"publish","type":"page","link":"https:\/\/www.expertpsy.ro\/wordpress\/index.php\/proiecte\/e-motion\/1664-2\/","title":{"rendered":"Universitatea din La Laguna &#8211; A treia reuniune a proiectului"},"content":{"rendered":"\n\n\n<figure class=\"wp-block-image size-large\"><img loading=\"lazy\" decoding=\"async\" width=\"600\" height=\"410\" src=\"https:\/\/www.expertpsy.ro\/wordpress\/wp-content\/uploads\/2020\/01\/e-motion_about_project_centered_with.jpg\" alt=\"\" class=\"wp-image-1662\" srcset=\"https:\/\/www.expertpsy.ro\/wordpress\/wp-content\/uploads\/2020\/01\/e-motion_about_project_centered_with.jpg 600w, https:\/\/www.expertpsy.ro\/wordpress\/wp-content\/uploads\/2020\/01\/e-motion_about_project_centered_with-300x205.jpg 300w\" sizes=\"auto, (max-width: 600px) 100vw, 600px\" \/><\/figure>\n\n\n\n<p> <strong>Universitatea din La Laguna g\u0103zduieste \u00een 29 \u0219i 30 ianuarie a treia reuniune a proiectului Erasmus + E-MOTION Poten\u021bial pentru hipersensibilitate, la care particip\u0103 cercet\u0103tori din Polonia, Macedonia, Rom\u00e2nia, Italia \u0219i Spania. <\/strong><\/p>\n\n\n\n<p>La Universidad de La Laguna ser\u00e1 anfitriona los d\u00edas 29 y 30 de enero del tercer encuentro del proyecto&nbsp;<a href=\"https:\/\/highlysensitive.eu\/es\/\">E-MOTION Potential for highlysensitivity<\/a>&nbsp;que reunir\u00e1 a los miembros del proyecto Internacional Erasmus&nbsp;+ liderado por Monika Baryla-Matejczuk&nbsp;y en el que participan investigadores de Albania, Ruman\u00eda, Italia y Espa\u00f1a, tanto de la universidad de Alicante como de La Laguna.<\/p>\n\n\n\n<p>Se trata del primer proyecto europeo que se centra en apoyar a los ni\u00f1os y ni\u00f1as altamente sensibles en su contexto familiar y escolar. La alta sensibilidad es la manifestaci\u00f3n del rasgo de personalidad denominado sensibilidad al procesamiento sensorial (SPS), un rasgo de personalidad que poseen aproximadamente el 20% de la poblaci\u00f3n y que tiene una alta heredabilidad.<\/p>\n\n\n\n<p>Este rasgo de personalidad se manifiesta a trav\u00e9s de variaciones individuales en sensibilidad tanto a aspectos positivos como negativos del ambiente. El apoyo adecuado a estos ni\u00f1os y ni\u00f1as permite que esa sensibilidad se convierta en un potencial para el desarrollo y no en un d\u00e9ficit para el mismo.<\/p>\n\n\n\n<p>En este encuentro se presentar\u00e1 el modelo generado despu\u00e9s de la revisi\u00f3n de la literatura y los primeros datos del trabajo con grupos focales de familias y profesores para ir dando forma al instrumento de medida que ser\u00e1 parte fundamental en el proyecto y que permitir\u00e1 cuantificar dicho rasgo de personalidad y establecer muestras normativas.<\/p>\n\n\n\n<p>Igualmente, en este encuentro se empezar\u00e1n a ver las aportaciones a las distintas actividades que se ofrecer\u00e1n a las familias y los centros como herramientas para poder generar en estos ni\u00f1os un potencial de desarrollo psicol\u00f3gicamente saludable<\/p>\n\n\n\n<figure class=\"wp-block-embed-wordpress wp-block-embed is-type-wp-embed is-provider-ull-noticias\"><div class=\"wp-block-embed__wrapper\">\n<blockquote class=\"wp-embedded-content\" data-secret=\"eHnBLvgBVw\"><a href=\"https:\/\/www.ull.es\/portal\/noticias\/2020\/la-ull-acoge-el-tercer-encuentro-del-proyecto-europeo-e-motion-sobre-ninos-con-alta-sensibilidad\/\">La ULL acoge el tercer encuentro del proyecto europeo E-Motion sobre ni\u00f1os con alta sensibilidad<\/a><\/blockquote><iframe loading=\"lazy\" class=\"wp-embedded-content\" sandbox=\"allow-scripts\" security=\"restricted\" style=\"position: absolute; clip: rect(1px, 1px, 1px, 1px);\" title=\"\u00abLa ULL acoge el tercer encuentro del proyecto europeo E-Motion sobre ni\u00f1os con alta sensibilidad\u00bb \u2014 ULL - Noticias\" src=\"https:\/\/www.ull.es\/portal\/noticias\/2020\/la-ull-acoge-el-tercer-encuentro-del-proyecto-europeo-e-motion-sobre-ninos-con-alta-sensibilidad\/embed\/#?secret=bZ8NDWEnpG#?secret=eHnBLvgBVw\" data-secret=\"eHnBLvgBVw\" width=\"600\" height=\"338\" frameborder=\"0\" marginwidth=\"0\" marginheight=\"0\" scrolling=\"no\"><\/iframe>\n<\/div><\/figure>\n\n\n<p><!--EndFragment--><\/p>","protected":false},"excerpt":{"rendered":"<p>Universitatea din La Laguna g\u0103zduieste \u00een 29 \u0219i 30 ianuarie a treia reuniune a proiectului Erasmus + E-MOTION Poten\u021bial pentru hipersensibilitate, la care particip\u0103 cercet\u0103tori din Polonia, Macedonia, Rom\u00e2nia, Italia \u0219i Spania. La Universidad de La Laguna ser\u00e1 anfitriona los d\u00edas 29 y 30 de enero del tercer encuentro del proyecto&nbsp;E-MOTION Potential for highlysensitivity&nbsp;que reunir\u00e1 &hellip; <a href=\"https:\/\/www.expertpsy.ro\/wordpress\/index.php\/proiecte\/e-motion\/1664-2\/\" class=\"more-link\">Continu\u0103 lectura <span class=\"screen-reader-text\">Universitatea din La Laguna &#8211; A treia reuniune a proiectului<\/span> <span class=\"meta-nav\">&rarr;<\/span><\/a><\/p>\n","protected":false},"author":1,"featured_media":0,"parent":1489,"menu_order":0,"comment_status":"closed","ping_status":"closed","template":"","meta":{"footnotes":""},"class_list":["post-1664","page","type-page","status-publish","hentry"],"_links":{"self":[{"href":"https:\/\/www.expertpsy.ro\/wordpress\/index.php\/wp-json\/wp\/v2\/pages\/1664","targetHints":{"allow":["GET"]}}],"collection":[{"href":"https:\/\/www.expertpsy.ro\/wordpress\/index.php\/wp-json\/wp\/v2\/pages"}],"about":[{"href":"https:\/\/www.expertpsy.ro\/wordpress\/index.php\/wp-json\/wp\/v2\/types\/page"}],"author":[{"embeddable":true,"href":"https:\/\/www.expertpsy.ro\/wordpress\/index.php\/wp-json\/wp\/v2\/users\/1"}],"replies":[{"embeddable":true,"href":"https:\/\/www.expertpsy.ro\/wordpress\/index.php\/wp-json\/wp\/v2\/comments?post=1664"}],"version-history":[{"count":2,"href":"https:\/\/www.expertpsy.ro\/wordpress\/index.php\/wp-json\/wp\/v2\/pages\/1664\/revisions"}],"predecessor-version":[{"id":1668,"href":"https:\/\/www.expertpsy.ro\/wordpress\/index.php\/wp-json\/wp\/v2\/pages\/1664\/revisions\/1668"}],"up":[{"embeddable":true,"href":"https:\/\/www.expertpsy.ro\/wordpress\/index.php\/wp-json\/wp\/v2\/pages\/1489"}],"wp:attachment":[{"href":"https:\/\/www.expertpsy.ro\/wordpress\/index.php\/wp-json\/wp\/v2\/media?parent=1664"}],"curies":[{"name":"wp","href":"https:\/\/api.w.org\/{rel}","templated":true}]}}